
{"id":20,"date":"2024-02-02T11:05:03","date_gmt":"2024-02-02T11:05:03","guid":{"rendered":"https:\/\/www.europeancollege.it\/?page_id=20"},"modified":"2026-04-27T15:35:13","modified_gmt":"2026-04-27T13:35:13","slug":"master","status":"publish","type":"page","link":"https:\/\/www.europeancollege.it\/fr\/master\/","title":{"rendered":"Nos Mast\u00e8res"},"content":{"rendered":"<p>La <strong>Fondation Coll\u00e8ge Europ\u00e9en de Parme<\/strong>\u00a0constitue une r\u00e9f\u00e9rence dans la formation postuniversitaire europ\u00e9enne et la sp\u00e9cialisation avanc\u00e9e sur les questions de l\u2019Union europ\u00e9enne. En collaboration avec l\u2019<strong><span class=\"hover:entity-accent entity-underline inline cursor-pointer align-baseline\"><span class=\"whitespace-normal\">Universit\u00e9 de Parme<\/span><\/span><\/strong>, il propose des masters destin\u00e9s aux dipl\u00f4m\u00e9s et aux professionnels souhaitant acqu\u00e9rir des comp\u00e9tences avanc\u00e9es, concr\u00e8tes et imm\u00e9diatement op\u00e9rationnelles dans des contextes publics et priv\u00e9s, aux niveaux national et international.<\/p>\n<section class=\"text-token-text-primary w-full focus:outline-none [--shadow-height:45px] has-data-writing-block:pointer-events-none has-data-writing-block:-mt-(--shadow-height) has-data-writing-block:pt-(--shadow-height) [&amp;:has([data-writing-block])&gt;*]:pointer-events-auto [content-visibility:auto] supports-[content-visibility:auto]:[contain-intrinsic-size:auto_100lvh] R6Vx5W_threadScrollVars scroll-mb-[calc(var(--scroll-root-safe-area-inset-bottom,0px)+var(--thread-response-height))] scroll-mt-[calc(var(--header-height)+min(200px,max(70px,20svh)))]\" dir=\"auto\" data-turn-id=\"request-WEB:e664d4ba-c9a5-4e6f-ac2f-96a4308dc690-3\" data-testid=\"conversation-turn-8\" data-scroll-anchor=\"false\" data-turn=\"assistant\">\n<div class=\"text-base my-auto mx-auto pb-10 [--thread-content-margin:var(--thread-content-margin-xs,calc(var(--spacing)*4))] @w-sm\/main:[--thread-content-margin:var(--thread-content-margin-sm,calc(var(--spacing)*6))] @w-lg\/main:[--thread-content-margin:var(--thread-content-margin-lg,calc(var(--spacing)*16))] px-(--thread-content-margin)\">\n<div class=\"[--thread-content-max-width:40rem] @w-lg\/main:[--thread-content-max-width:48rem] mx-auto max-w-(--thread-content-max-width) flex-1 group\/turn-messages focus-visible:outline-hidden relative flex w-full min-w-0 flex-col agent-turn\">\n<div class=\"flex max-w-full flex-col gap-4 grow\">\n<div class=\"min-h-8 text-message relative flex w-full flex-col items-end gap-2 text-start break-words whitespace-normal outline-none keyboard-focused:focus-ring [.text-message+&amp;]:mt-1\" dir=\"auto\" tabindex=\"0\" data-message-author-role=\"assistant\" data-message-id=\"6c0c1f3e-85de-4bfd-b626-b35272e96a7f\" data-message-model-slug=\"gpt-5-3\" data-turn-start-message=\"true\">\n<div class=\"flex w-full flex-col gap-1 empty:hidden\">\n<div class=\"markdown prose dark:prose-invert w-full wrap-break-word dark markdown-new-styling\">\n<p data-start=\"1177\" data-end=\"1479\" data-is-last-node=\"\" data-is-only-node=\"\">Les programmes couvrent des <strong>domaines cl\u00e9s<\/strong> tels que les politiques publiques europ\u00e9ennes, l\u2019administration publique italienne, les financements europ\u00e9ens, les relations internationales et la coop\u00e9ration internationale, garantissant une formation solide, actualis\u00e9e et orient\u00e9e vers le march\u00e9 du travail.<\/p>\n<\/div>\n<\/div>\n<\/div>\n<\/div>\n<div class=\"z-0 flex min-h-[46px] justify-start\"><\/div>\n<\/div>\n<\/div>\n<\/section>\n<div class=\"pointer-events-none -mt-px h-px translate-y-[calc(var(--scroll-root-safe-area-inset-bottom)-14*var(--spacing))]\" aria-hidden=\"true\"><\/div>\n","protected":false},"excerpt":{"rendered":"<p>La Fondation Coll\u00e8ge Europ\u00e9en de Parme\u00a0constitue une r\u00e9f\u00e9rence dans la formation postuniversitaire europ\u00e9enne et la sp\u00e9cialisation avanc\u00e9e sur les questions de l\u2019Union europ\u00e9enne. En collaboration avec l\u2019Universit\u00e9 de Parme, il propose des masters destin\u00e9s aux dipl\u00f4m\u00e9s et aux professionnels souhaitant acqu\u00e9rir des comp\u00e9tences avanc\u00e9es, concr\u00e8tes et imm\u00e9diatement op\u00e9rationnelles dans des contextes publics et priv\u00e9s, aux [&hellip;]<\/p>\n","protected":false},"author":1,"featured_media":0,"parent":0,"menu_order":0,"comment_status":"closed","ping_status":"closed","template":"","meta":{"footnotes":""},"class_list":["post-20","page","type-page","status-publish","hentry"],"translation":{"provider":"WPGlobus","version":"2.10.10","language":"fr","enabled_languages":["it","en","fr"],"languages":{"it":{"title":true,"content":true,"excerpt":false},"en":{"title":true,"content":true,"excerpt":false},"fr":{"title":true,"content":true,"excerpt":false}}},"acf":[],"_links":{"self":[{"href":"https:\/\/www.europeancollege.it\/fr\/wp-json\/wp\/v2\/pages\/20","targetHints":{"allow":["GET"]}}],"collection":[{"href":"https:\/\/www.europeancollege.it\/fr\/wp-json\/wp\/v2\/pages"}],"about":[{"href":"https:\/\/www.europeancollege.it\/fr\/wp-json\/wp\/v2\/types\/page"}],"author":[{"embeddable":true,"href":"https:\/\/www.europeancollege.it\/fr\/wp-json\/wp\/v2\/users\/1"}],"replies":[{"embeddable":true,"href":"https:\/\/www.europeancollege.it\/fr\/wp-json\/wp\/v2\/comments?post=20"}],"version-history":[{"count":3,"href":"https:\/\/www.europeancollege.it\/fr\/wp-json\/wp\/v2\/pages\/20\/revisions"}],"predecessor-version":[{"id":11109,"href":"https:\/\/www.europeancollege.it\/fr\/wp-json\/wp\/v2\/pages\/20\/revisions\/11109"}],"wp:attachment":[{"href":"https:\/\/www.europeancollege.it\/fr\/wp-json\/wp\/v2\/media?parent=20"}],"curies":[{"name":"wp","href":"https:\/\/api.w.org\/{rel}","templated":true}]}}